{"id":136,"date":"2023-12-17T14:57:04","date_gmt":"2023-12-17T13:57:04","guid":{"rendered":"https:\/\/www.belopolie.fr\/?page_id=136"},"modified":"2023-12-18T10:21:25","modified_gmt":"2023-12-18T09:21:25","slug":"la-nuit-3","status":"publish","type":"page","link":"https:\/\/www.belopolie.fr\/index.php\/la-nuit-3\/","title":{"rendered":"La nuit. #3"},"content":{"rendered":"\n<p class=\"has-large-font-size\"><strong>#3.<\/strong> <strong>\u00catre pauvre, en France<\/strong><\/p>\n\n\n\n<p><strong>Entretien avec Axelle Brodiez-Dolino, historienne<\/strong><br>\u00ab Lutter contre la pauvret\u00e9, c\u2019est aussi travailler pour la d\u00e9mocratie. \u00bb<\/p>\n\n\n\n<figure class=\"wp-block-image\"><img decoding=\"async\" src=\"https:\/\/lanuitrevue.files.wordpress.com\/2023\/04\/lanuit3.jpg?w=1024\" alt=\"\" class=\"wp-image-165\"\/><\/figure>\n\n\n\n<p><em><strong>En moi la nuit<\/strong><\/em><strong>, un texte in\u00e9dit de Catherine Mavrikakis<\/strong><br><em>\u00ab Souvent, la nuit m\u2019arrive, \u00e0 l\u2019improviste, en plein jour, dans une lumi\u00e8re \u00e9blouissante, et je ne sais pourquoi (je suis incapable d\u2019agir autrement), je lui ordonne de se faire petite, de se fondre \u00e0 mes pens\u00e9es les plus obscures et surtout de filer doux, tr\u00e8s doux, tout droit vers mon oubli. \u00bb<\/em><\/p>\n\n\n\n<p><strong>Un vers d\u2019Emile Nelligan<\/strong><\/p>\n\n\n\n<p><em><strong>Ce que la nuit a fait \u00e0 la photographie<\/strong><\/em>, une chronique de Julien Faure-Conorton<br><strong>\u00c9pisode 3 : \u00c9teindre le jour<\/strong><br>\u00c0 la fin du XIXe si\u00e8cle, \u00ab Constant Puyo s\u2019impose comme un \u00e9minent sp\u00e9cialiste des \u00ab\u00a0effets de nuit\u00a0\u00bb, obtenus \u00e0 la lumi\u00e8re artificielle gr\u00e2ce \u00e0 un \u00e9clair magn\u00e9sique (anc\u00eatre du flash). Sa renomm\u00e9e en la mati\u00e8re est telle qu\u2019il est connu sous le pseudonyme \u00ab\u00a0Lamplighter\u00a0\u00bb(Allumeur de r\u00e9verb\u00e8res). \u00bb<\/p>\n\n\n\n<div class=\"wp-block-buttons is-layout-flex wp-block-buttons-is-layout-flex\">\n<div class=\"wp-block-button\"><a class=\"wp-block-button__link wp-element-button\">Acheter le num\u00e9ro<\/a><\/div>\n\n\n\n<div class=\"wp-block-button\"><a class=\"wp-block-button__link wp-element-button\">Lire un extrait<\/a><\/div>\n<\/div>\n","protected":false},"excerpt":{"rendered":"<p>#3. \u00catre pauvre, en France Entretien avec Axelle Brodiez-Dolino, historienne\u00ab Lutter contre la pauvret\u00e9, c\u2019est aussi travailler pour la d\u00e9mocratie. \u00bb En moi la nuit, un texte in\u00e9dit de Catherine Mavrikakis\u00ab Souvent, la nuit m\u2019arrive, \u00e0 l\u2019improviste, en plein jour, dans une lumi\u00e8re \u00e9blouissante, et je ne sais pourquoi (je suis incapable d\u2019agir autrement), je [&hellip;]<\/p>\n","protected":false},"author":1,"featured_media":0,"parent":0,"menu_order":0,"comment_status":"closed","ping_status":"closed","template":"","meta":{"footnotes":""},"class_list":["post-136","page","type-page","status-publish","hentry"],"jetpack_sharing_enabled":true,"jetpack-related-posts":[{"id":128,"url":"https:\/\/www.belopolie.fr\/index.php\/la-nuit-2\/","url_meta":{"origin":136,"position":0},"title":"La nuit. #2","author":"admin2828","date":"17 d\u00e9cembre 2023","format":false,"excerpt":"#2. La peur, une id\u00e9e en politique Entretien avec Marc Cr\u00e9pon, philosophe \u00ab En surfant sur les \u00e9motions, sur les peurs, en discr\u00e9ditant la v\u00e9rit\u00e9, en perdant tout rapport avec l\u2019\u00e9tude, le savoir, la raison, la parole politique a trop souvent ouvert la voie au complotisme et \u00e0 la rumeur,\u2026","rel":"","context":"Article similaire","block_context":{"text":"Article similaire","link":""},"img":{"alt_text":"","src":"https:\/\/i0.wp.com\/www.belopolie.fr\/wp-content\/uploads\/2023\/12\/DSC01030-scaled.jpg?resize=350%2C200&ssl=1","width":350,"height":200,"srcset":"https:\/\/i0.wp.com\/www.belopolie.fr\/wp-content\/uploads\/2023\/12\/DSC01030-scaled.jpg?resize=350%2C200&ssl=1 1x, https:\/\/i0.wp.com\/www.belopolie.fr\/wp-content\/uploads\/2023\/12\/DSC01030-scaled.jpg?resize=525%2C300&ssl=1 1.5x, https:\/\/i0.wp.com\/www.belopolie.fr\/wp-content\/uploads\/2023\/12\/DSC01030-scaled.jpg?resize=700%2C400&ssl=1 2x, https:\/\/i0.wp.com\/www.belopolie.fr\/wp-content\/uploads\/2023\/12\/DSC01030-scaled.jpg?resize=1050%2C600&ssl=1 3x, https:\/\/i0.wp.com\/www.belopolie.fr\/wp-content\/uploads\/2023\/12\/DSC01030-scaled.jpg?resize=1400%2C800&ssl=1 4x"},"classes":[]},{"id":123,"url":"https:\/\/www.belopolie.fr\/index.php\/la-nuit-1\/","url_meta":{"origin":136,"position":1},"title":"La nuit. 1","author":"admin2828","date":"17 d\u00e9cembre 2023","format":false,"excerpt":"#1. R\u00eavons-nous d\u2019une r\u00e9volution Alger, Beyrouth, Bagdad, Hongkong, Khartoum, Santiago, que reste-t-il des r\u00e9volutions ?Entretien avec Ludivine Bantigny, historienne \u00abTous les mouvements r\u00e9volutionnaires sont des temps suspendus \u00bb Une exploration po\u00e9tique et politique de la nuit La nuit divine\u00a0de Pierre BergouniouxUlysse face \u00e0 Cyclope. Un texte t\u00e9n\u00e9breux, cavernicole et nocturne.\u2026","rel":"","context":"Article similaire","block_context":{"text":"Article similaire","link":""},"img":{"alt_text":"","src":"https:\/\/i0.wp.com\/www.belopolie.fr\/wp-content\/uploads\/2023\/12\/DSC00934-scaled.jpg?resize=350%2C200&ssl=1","width":350,"height":200,"srcset":"https:\/\/i0.wp.com\/www.belopolie.fr\/wp-content\/uploads\/2023\/12\/DSC00934-scaled.jpg?resize=350%2C200&ssl=1 1x, https:\/\/i0.wp.com\/www.belopolie.fr\/wp-content\/uploads\/2023\/12\/DSC00934-scaled.jpg?resize=525%2C300&ssl=1 1.5x, https:\/\/i0.wp.com\/www.belopolie.fr\/wp-content\/uploads\/2023\/12\/DSC00934-scaled.jpg?resize=700%2C400&ssl=1 2x, https:\/\/i0.wp.com\/www.belopolie.fr\/wp-content\/uploads\/2023\/12\/DSC00934-scaled.jpg?resize=1050%2C600&ssl=1 3x, https:\/\/i0.wp.com\/www.belopolie.fr\/wp-content\/uploads\/2023\/12\/DSC00934-scaled.jpg?resize=1400%2C800&ssl=1 4x"},"classes":[]},{"id":145,"url":"https:\/\/www.belopolie.fr\/index.php\/la-nuit-6\/","url_meta":{"origin":136,"position":2},"title":"La nuit. #6","author":"admin2828","date":"17 d\u00e9cembre 2023","format":false,"excerpt":"#6. La v\u00e9rit\u00e9 \u00e0 l\u2019\u00e9preuve du\u00a0faire croire Entretien avec Myriam Revault d\u2019Allonnes, philosophe\u00ab Nous aboutissons, avec le triomphe de la \u201cpost-v\u00e9rit\u00e9\u201d \u2013 dont il faut rappeler qu\u2019elle a sa source dans les soci\u00e9t\u00e9s d\u00e9mocratiques \u2013 \u00e0 des situations o\u00f9 l\u2019on peut se d\u00e9barrasser des r\u00e9alit\u00e9s factuelles et o\u00f9 il n\u2019est\u2026","rel":"","context":"Article similaire","block_context":{"text":"Article similaire","link":""},"img":{"alt_text":"","src":"","width":0,"height":0},"classes":[]},{"id":142,"url":"https:\/\/www.belopolie.fr\/index.php\/la-nuit-5\/","url_meta":{"origin":136,"position":3},"title":"La nuit. #5","author":"admin2828","date":"17 d\u00e9cembre 2023","format":false,"excerpt":"#5. Fraternit\u00e9 Entretien avec Samuel Hayat, chercheur en science politique\u00ab\u00a0La fraternit\u00e9, en R\u00e9publique, comme la libert\u00e9 et l\u2019\u00e9galit\u00e9, n\u2019est accept\u00e9e par les dominants et par l\u2019appareil d\u2019\u00c9tat que de mani\u00e8re conditionnelle, partielle, sous r\u00e9serve d\u2019une acceptation g\u00e9n\u00e9rale de l\u2019ordre social.\u00a0\u00bb La nuit introuvable\u00a0d\u2019Abdella Khaldi\u00ab On doit se rendre \u00e0 l\u2019\u00e9vidence\u2026","rel":"","context":"Article similaire","block_context":{"text":"Article similaire","link":""},"img":{"alt_text":"","src":"","width":0,"height":0},"classes":[]},{"id":35,"url":"https:\/\/www.belopolie.fr\/index.php\/la-nuit\/","url_meta":{"origin":136,"position":4},"title":"La nuit.","author":"admin2828","date":"17 d\u00e9cembre 2023","format":false,"excerpt":"Acheter un num\u00e9ro S'abonner \u2022 Un grand entretien\u00a0\u2022 Alors que pendant nos jours d\u00e9filent les commentaires sur l\u2019actualit\u00e9, le temps de la nuit est id\u00e9al pour r\u00e9fl\u00e9chir. La nuit. offre un espace \u00e0 la connaissance, par un grand entretien avec un\u00b7e historien\u00b7ne, \u00e9crivain\u00b7e, philosophe, pour mieux saisir une id\u00e9e ou\u2026","rel":"","context":"Article similaire","block_context":{"text":"Article similaire","link":""},"img":{"alt_text":"","src":"https:\/\/i0.wp.com\/www.belopolie.fr\/wp-content\/uploads\/2023\/12\/NUIT_LOGO.png?resize=350%2C200&ssl=1","width":350,"height":200,"srcset":"https:\/\/i0.wp.com\/www.belopolie.fr\/wp-content\/uploads\/2023\/12\/NUIT_LOGO.png?resize=350%2C200&ssl=1 1x, https:\/\/i0.wp.com\/www.belopolie.fr\/wp-content\/uploads\/2023\/12\/NUIT_LOGO.png?resize=525%2C300&ssl=1 1.5x, https:\/\/i0.wp.com\/www.belopolie.fr\/wp-content\/uploads\/2023\/12\/NUIT_LOGO.png?resize=700%2C400&ssl=1 2x, https:\/\/i0.wp.com\/www.belopolie.fr\/wp-content\/uploads\/2023\/12\/NUIT_LOGO.png?resize=1050%2C600&ssl=1 3x, https:\/\/i0.wp.com\/www.belopolie.fr\/wp-content\/uploads\/2023\/12\/NUIT_LOGO.png?resize=1400%2C800&ssl=1 4x"},"classes":[]},{"id":138,"url":"https:\/\/www.belopolie.fr\/index.php\/la-nuit-4\/","url_meta":{"origin":136,"position":5},"title":"La nuit. #4","author":"admin2828","date":"17 d\u00e9cembre 2023","format":false,"excerpt":"#4. Le travail a-t-il un avenir Entretien avec Dominique M\u00e9da, sociologue et philosophe\u00ab\u00a0D\u00e9marchandiser le travail, c\u2019est rompre avec notre acceptation du ch\u00f4mage et mettre en \u0153uvre une autre mani\u00e8re d\u2019organiser le travail.\u00a0\u00bb La rumeur\u00a0(La rim\u00e8r)\u00a0de Vincent ConstantinUne nouvelle in\u00e9dite publi\u00e9e en cr\u00e9ole r\u00e9unionnais et traduite en fran\u00e7ais par l\u2019auteur. Ce\u2026","rel":"","context":"Article similaire","block_context":{"text":"Article similaire","link":""},"img":{"alt_text":"","src":"https:\/\/i0.wp.com\/www.belopolie.fr\/wp-content\/uploads\/2023\/12\/La-nuit.8-scaled.jpg?resize=350%2C200&ssl=1","width":350,"height":200,"srcset":"https:\/\/i0.wp.com\/www.belopolie.fr\/wp-content\/uploads\/2023\/12\/La-nuit.8-scaled.jpg?resize=350%2C200&ssl=1 1x, https:\/\/i0.wp.com\/www.belopolie.fr\/wp-content\/uploads\/2023\/12\/La-nuit.8-scaled.jpg?resize=525%2C300&ssl=1 1.5x, https:\/\/i0.wp.com\/www.belopolie.fr\/wp-content\/uploads\/2023\/12\/La-nuit.8-scaled.jpg?resize=700%2C400&ssl=1 2x, https:\/\/i0.wp.com\/www.belopolie.fr\/wp-content\/uploads\/2023\/12\/La-nuit.8-scaled.jpg?resize=1050%2C600&ssl=1 3x, https:\/\/i0.wp.com\/www.belopolie.fr\/wp-content\/uploads\/2023\/12\/La-nuit.8-scaled.jpg?resize=1400%2C800&ssl=1 4x"},"classes":[]}],"_links":{"self":[{"href":"https:\/\/www.belopolie.fr\/index.php\/wp-json\/wp\/v2\/pages\/136","targetHints":{"allow":["GET"]}}],"collection":[{"href":"https:\/\/www.belopolie.fr\/index.php\/wp-json\/wp\/v2\/pages"}],"about":[{"href":"https:\/\/www.belopolie.fr\/index.php\/wp-json\/wp\/v2\/types\/page"}],"author":[{"embeddable":true,"href":"https:\/\/www.belopolie.fr\/index.php\/wp-json\/wp\/v2\/users\/1"}],"replies":[{"embeddable":true,"href":"https:\/\/www.belopolie.fr\/index.php\/wp-json\/wp\/v2\/comments?post=136"}],"version-history":[{"count":3,"href":"https:\/\/www.belopolie.fr\/index.php\/wp-json\/wp\/v2\/pages\/136\/revisions"}],"predecessor-version":[{"id":192,"href":"https:\/\/www.belopolie.fr\/index.php\/wp-json\/wp\/v2\/pages\/136\/revisions\/192"}],"wp:attachment":[{"href":"https:\/\/www.belopolie.fr\/index.php\/wp-json\/wp\/v2\/media?parent=136"}],"curies":[{"name":"wp","href":"https:\/\/api.w.org\/{rel}","templated":true}]}}