{"id":148,"date":"2023-12-17T15:08:31","date_gmt":"2023-12-17T14:08:31","guid":{"rendered":"https:\/\/www.belopolie.fr\/?page_id=148"},"modified":"2023-12-18T10:26:58","modified_gmt":"2023-12-18T09:26:58","slug":"la-nuit-7","status":"publish","type":"page","link":"https:\/\/www.belopolie.fr\/index.php\/la-nuit-7\/","title":{"rendered":"La nuit. #7"},"content":{"rendered":"\n<p class=\"has-large-font-size\"><strong>#7. \u00c9galit\u00e9<\/strong><\/p>\n\n\n\n<p class=\"has-medium-font-size\"><strong>Entretien avec \u00c9ric Fassin, sociologue<\/strong><br>\u00ab La bataille politique vise \u00e0 rendre le monde que nous d\u00e9sirons d\u00e9sirable pour d\u2019autres, et rendre l\u2019\u00e9galit\u00e9 d\u00e9sirable est l\u2019enjeu d\u00e9mocratique par excellence.\u00bb<\/p>\n\n\n\n<div class=\"wp-block-buttons is-layout-flex wp-block-buttons-is-layout-flex\">\n<div class=\"wp-block-button\"><a class=\"wp-block-button__link wp-element-button\">Acheter le num\u00e9ro<\/a><\/div>\n\n\n\n<div class=\"wp-block-button\"><a class=\"wp-block-button__link wp-element-button\">Lire un extrait<\/a><\/div>\n<\/div>\n","protected":false},"excerpt":{"rendered":"<p>#7. \u00c9galit\u00e9 Entretien avec \u00c9ric Fassin, sociologue\u00ab La bataille politique vise \u00e0 rendre le monde que nous d\u00e9sirons d\u00e9sirable pour d\u2019autres, et rendre l\u2019\u00e9galit\u00e9 d\u00e9sirable est l\u2019enjeu d\u00e9mocratique par excellence.\u00bb<\/p>\n","protected":false},"author":1,"featured_media":0,"parent":0,"menu_order":0,"comment_status":"closed","ping_status":"closed","template":"","meta":{"footnotes":""},"class_list":["post-148","page","type-page","status-publish","hentry"],"jetpack_sharing_enabled":true,"jetpack-related-posts":[{"id":142,"url":"https:\/\/www.belopolie.fr\/index.php\/la-nuit-5\/","url_meta":{"origin":148,"position":0},"title":"La nuit. #5","author":"admin2828","date":"17 d\u00e9cembre 2023","format":false,"excerpt":"#5. Fraternit\u00e9 Entretien avec Samuel Hayat, chercheur en science politique\u00ab\u00a0La fraternit\u00e9, en R\u00e9publique, comme la libert\u00e9 et l\u2019\u00e9galit\u00e9, n\u2019est accept\u00e9e par les dominants et par l\u2019appareil d\u2019\u00c9tat que de mani\u00e8re conditionnelle, partielle, sous r\u00e9serve d\u2019une acceptation g\u00e9n\u00e9rale de l\u2019ordre social.\u00a0\u00bb La nuit introuvable\u00a0d\u2019Abdella Khaldi\u00ab On doit se rendre \u00e0 l\u2019\u00e9vidence\u2026","rel":"","context":"Article similaire","block_context":{"text":"Article similaire","link":""},"img":{"alt_text":"","src":"","width":0,"height":0},"classes":[]},{"id":150,"url":"https:\/\/www.belopolie.fr\/index.php\/la-nuit-8\/","url_meta":{"origin":148,"position":1},"title":"La nuit. #8","author":"admin2828","date":"17 d\u00e9cembre 2023","format":false,"excerpt":"#8. Maghreb, les promesses d\u2019un destin collectif Entretien avec Khadija Mohsen-Finan, politologue et historienne\u00ab Il y a aujourd\u2019hui une farouche volont\u00e9 de vivre autrement \u2013 que le peuple soit au centre de la vie politique \u2013, une aspiration \u00e0 une plus grande \u00e9galit\u00e9 et un refus des privil\u00e8ges. \u00bb Acheter\u2026","rel":"","context":"Article similaire","block_context":{"text":"Article similaire","link":""},"img":{"alt_text":"","src":"https:\/\/i0.wp.com\/www.belopolie.fr\/wp-content\/uploads\/2023\/12\/DSC05975-scaled.jpg?resize=350%2C200&ssl=1","width":350,"height":200,"srcset":"https:\/\/i0.wp.com\/www.belopolie.fr\/wp-content\/uploads\/2023\/12\/DSC05975-scaled.jpg?resize=350%2C200&ssl=1 1x, https:\/\/i0.wp.com\/www.belopolie.fr\/wp-content\/uploads\/2023\/12\/DSC05975-scaled.jpg?resize=525%2C300&ssl=1 1.5x, https:\/\/i0.wp.com\/www.belopolie.fr\/wp-content\/uploads\/2023\/12\/DSC05975-scaled.jpg?resize=700%2C400&ssl=1 2x, https:\/\/i0.wp.com\/www.belopolie.fr\/wp-content\/uploads\/2023\/12\/DSC05975-scaled.jpg?resize=1050%2C600&ssl=1 3x, https:\/\/i0.wp.com\/www.belopolie.fr\/wp-content\/uploads\/2023\/12\/DSC05975-scaled.jpg?resize=1400%2C800&ssl=1 4x"},"classes":[]},{"id":2,"url":"https:\/\/www.belopolie.fr\/index.php\/page-d-exemple\/","url_meta":{"origin":148,"position":2},"title":"Page d\u2019exemple","author":"admin2828","date":"6 d\u00e9cembre 2023","format":false,"excerpt":"Ceci est une page d\u2019exemple. C\u2019est diff\u00e9rent d\u2019un article de blog parce qu\u2019elle restera au m\u00eame endroit et appara\u00eetra dans la navigation de votre site (dans la plupart des th\u00e8mes). La plupart des gens commencent par une page \u00ab\u00a0\u00c0 propos\u00a0\u00bb qui les pr\u00e9sente aux personnes visitant le site. Cela pourrait\u2026","rel":"","context":"Article similaire","block_context":{"text":"Article similaire","link":""},"img":{"alt_text":"","src":"","width":0,"height":0},"classes":[]}],"_links":{"self":[{"href":"https:\/\/www.belopolie.fr\/index.php\/wp-json\/wp\/v2\/pages\/148","targetHints":{"allow":["GET"]}}],"collection":[{"href":"https:\/\/www.belopolie.fr\/index.php\/wp-json\/wp\/v2\/pages"}],"about":[{"href":"https:\/\/www.belopolie.fr\/index.php\/wp-json\/wp\/v2\/types\/page"}],"author":[{"embeddable":true,"href":"https:\/\/www.belopolie.fr\/index.php\/wp-json\/wp\/v2\/users\/1"}],"replies":[{"embeddable":true,"href":"https:\/\/www.belopolie.fr\/index.php\/wp-json\/wp\/v2\/comments?post=148"}],"version-history":[{"count":2,"href":"https:\/\/www.belopolie.fr\/index.php\/wp-json\/wp\/v2\/pages\/148\/revisions"}],"predecessor-version":[{"id":199,"href":"https:\/\/www.belopolie.fr\/index.php\/wp-json\/wp\/v2\/pages\/148\/revisions\/199"}],"wp:attachment":[{"href":"https:\/\/www.belopolie.fr\/index.php\/wp-json\/wp\/v2\/media?parent=148"}],"curies":[{"name":"wp","href":"https:\/\/api.w.org\/{rel}","templated":true}]}}