{"id":150,"date":"2023-12-17T15:11:11","date_gmt":"2023-12-17T14:11:11","guid":{"rendered":"https:\/\/www.belopolie.fr\/?page_id=150"},"modified":"2024-01-11T10:02:01","modified_gmt":"2024-01-11T09:02:01","slug":"la-nuit-8","status":"publish","type":"page","link":"https:\/\/www.belopolie.fr\/index.php\/la-nuit-8\/","title":{"rendered":"La nuit. #8"},"content":{"rendered":"\n<p class=\"has-large-font-size\"><strong>#8. Maghreb, les promesses d\u2019un destin collectif<\/strong><\/p>\n\n\n\n<p class=\"has-medium-font-size\"><strong>Entretien avec Khadija Mohsen-Finan, politologue et historienne<\/strong><br>\u00ab Il y a aujourd\u2019hui une farouche volont\u00e9 de vivre autrement \u2013 que le peuple soit au centre de la vie politique \u2013, une aspiration \u00e0 une plus grande \u00e9galit\u00e9 et un refus des privil\u00e8ges. \u00bb<\/p>\n\n\n\n<p><\/p>\n\n\n\n<figure class=\"wp-block-image size-large\"><img fetchpriority=\"high\" decoding=\"async\" width=\"1024\" height=\"683\" src=\"https:\/\/i0.wp.com\/www.belopolie.fr\/wp-content\/uploads\/2023\/12\/DSC05975.jpg?resize=1024%2C683&#038;ssl=1\" alt=\"\" class=\"wp-image-152\" srcset=\"https:\/\/i0.wp.com\/www.belopolie.fr\/wp-content\/uploads\/2023\/12\/DSC05975-scaled.jpg?resize=1024%2C683&amp;ssl=1 1024w, https:\/\/i0.wp.com\/www.belopolie.fr\/wp-content\/uploads\/2023\/12\/DSC05975-scaled.jpg?resize=300%2C200&amp;ssl=1 300w, https:\/\/i0.wp.com\/www.belopolie.fr\/wp-content\/uploads\/2023\/12\/DSC05975-scaled.jpg?resize=768%2C512&amp;ssl=1 768w, https:\/\/i0.wp.com\/www.belopolie.fr\/wp-content\/uploads\/2023\/12\/DSC05975-scaled.jpg?resize=1536%2C1024&amp;ssl=1 1536w, https:\/\/i0.wp.com\/www.belopolie.fr\/wp-content\/uploads\/2023\/12\/DSC05975-scaled.jpg?resize=2048%2C1365&amp;ssl=1 2048w, https:\/\/i0.wp.com\/www.belopolie.fr\/wp-content\/uploads\/2023\/12\/DSC05975-scaled.jpg?resize=600%2C400&amp;ssl=1 600w\" sizes=\"(max-width: 1000px) 100vw, 1000px\" data-recalc-dims=\"1\" \/><\/figure>\n\n\n\n<div class=\"wp-block-buttons is-layout-flex wp-block-buttons-is-layout-flex\">\n<div class=\"wp-block-button\"><a class=\"wp-block-button__link wp-element-button\" href=\"https:\/\/www.belopolie.fr\/index.php\/product\/la-nuit-8\/\">Acheter le num\u00e9ro<\/a><\/div>\n\n\n\n<div class=\"wp-block-button\"><a class=\"wp-block-button__link wp-element-button\">Lire un extrait<\/a><\/div>\n<\/div>\n","protected":false},"excerpt":{"rendered":"<p>#8. Maghreb, les promesses d\u2019un destin collectif Entretien avec Khadija Mohsen-Finan, politologue et historienne\u00ab Il y a aujourd\u2019hui une farouche volont\u00e9 de vivre autrement \u2013 que le peuple soit au centre de la vie politique \u2013, une aspiration \u00e0 une plus grande \u00e9galit\u00e9 et un refus des privil\u00e8ges. \u00bb<\/p>\n","protected":false},"author":1,"featured_media":0,"parent":0,"menu_order":0,"comment_status":"closed","ping_status":"closed","template":"","meta":{"footnotes":""},"class_list":["post-150","page","type-page","status-publish","hentry"],"jetpack_sharing_enabled":true,"jetpack-related-posts":[{"id":237,"url":"https:\/\/www.belopolie.fr\/index.php\/penser-decider-agir\/","url_meta":{"origin":150,"position":0},"title":"Penser, d\u00e9cider, agir","author":"admin2828","date":"11 janvier 2024","format":false,"excerpt":"Des livres pour prolonger La nuit.\u00a0L\u2019enjeu de la collection \u00ab Penser, d\u00e9cider, agir \u00bb, est d\u2019alerter au pr\u00e9sent, de construire au futur, y compris po\u00e9tiquement, un nouveau projet en mati\u00e8re de politique, de culture, d\u2019\u00e9cologie et de solidarit\u00e9 sociale. Des textes brefs et n\u00e9cessaires comme autant de souffles. \u00c0 PARA\u00ceTRE\u2026","rel":"","context":"Article similaire","block_context":{"text":"Article similaire","link":""},"img":{"alt_text":"","src":"https:\/\/i0.wp.com\/www.belopolie.fr\/wp-content\/uploads\/2024\/01\/DSC05653-scaled.jpg?resize=350%2C200&ssl=1","width":350,"height":200,"srcset":"https:\/\/i0.wp.com\/www.belopolie.fr\/wp-content\/uploads\/2024\/01\/DSC05653-scaled.jpg?resize=350%2C200&ssl=1 1x, https:\/\/i0.wp.com\/www.belopolie.fr\/wp-content\/uploads\/2024\/01\/DSC05653-scaled.jpg?resize=525%2C300&ssl=1 1.5x, https:\/\/i0.wp.com\/www.belopolie.fr\/wp-content\/uploads\/2024\/01\/DSC05653-scaled.jpg?resize=700%2C400&ssl=1 2x, https:\/\/i0.wp.com\/www.belopolie.fr\/wp-content\/uploads\/2024\/01\/DSC05653-scaled.jpg?resize=1050%2C600&ssl=1 3x, https:\/\/i0.wp.com\/www.belopolie.fr\/wp-content\/uploads\/2024\/01\/DSC05653-scaled.jpg?resize=1400%2C800&ssl=1 4x"},"classes":[]},{"id":145,"url":"https:\/\/www.belopolie.fr\/index.php\/la-nuit-6\/","url_meta":{"origin":150,"position":1},"title":"La nuit. #6","author":"admin2828","date":"17 d\u00e9cembre 2023","format":false,"excerpt":"#6. La v\u00e9rit\u00e9 \u00e0 l\u2019\u00e9preuve du\u00a0faire croire Entretien avec Myriam Revault d\u2019Allonnes, philosophe\u00ab Nous aboutissons, avec le triomphe de la \u201cpost-v\u00e9rit\u00e9\u201d \u2013 dont il faut rappeler qu\u2019elle a sa source dans les soci\u00e9t\u00e9s d\u00e9mocratiques \u2013 \u00e0 des situations o\u00f9 l\u2019on peut se d\u00e9barrasser des r\u00e9alit\u00e9s factuelles et o\u00f9 il n\u2019est\u2026","rel":"","context":"Article similaire","block_context":{"text":"Article similaire","link":""},"img":{"alt_text":"","src":"","width":0,"height":0},"classes":[]},{"id":142,"url":"https:\/\/www.belopolie.fr\/index.php\/la-nuit-5\/","url_meta":{"origin":150,"position":2},"title":"La nuit. #5","author":"admin2828","date":"17 d\u00e9cembre 2023","format":false,"excerpt":"#5. Fraternit\u00e9 Entretien avec Samuel Hayat, chercheur en science politique\u00ab\u00a0La fraternit\u00e9, en R\u00e9publique, comme la libert\u00e9 et l\u2019\u00e9galit\u00e9, n\u2019est accept\u00e9e par les dominants et par l\u2019appareil d\u2019\u00c9tat que de mani\u00e8re conditionnelle, partielle, sous r\u00e9serve d\u2019une acceptation g\u00e9n\u00e9rale de l\u2019ordre social.\u00a0\u00bb La nuit introuvable\u00a0d\u2019Abdella Khaldi\u00ab On doit se rendre \u00e0 l\u2019\u00e9vidence\u2026","rel":"","context":"Article similaire","block_context":{"text":"Article similaire","link":""},"img":{"alt_text":"","src":"","width":0,"height":0},"classes":[]},{"id":136,"url":"https:\/\/www.belopolie.fr\/index.php\/la-nuit-3\/","url_meta":{"origin":150,"position":3},"title":"La nuit. #3","author":"admin2828","date":"17 d\u00e9cembre 2023","format":false,"excerpt":"#3. \u00catre pauvre, en France Entretien avec Axelle Brodiez-Dolino, historienne\u00ab Lutter contre la pauvret\u00e9, c\u2019est aussi travailler pour la d\u00e9mocratie. \u00bb En moi la nuit, un texte in\u00e9dit de Catherine Mavrikakis\u00ab Souvent, la nuit m\u2019arrive, \u00e0 l\u2019improviste, en plein jour, dans une lumi\u00e8re \u00e9blouissante, et je ne sais pourquoi (je\u2026","rel":"","context":"Article similaire","block_context":{"text":"Article similaire","link":""},"img":{"alt_text":"","src":"","width":0,"height":0},"classes":[]},{"id":128,"url":"https:\/\/www.belopolie.fr\/index.php\/la-nuit-2\/","url_meta":{"origin":150,"position":4},"title":"La nuit. #2","author":"admin2828","date":"17 d\u00e9cembre 2023","format":false,"excerpt":"#2. La peur, une id\u00e9e en politique Entretien avec Marc Cr\u00e9pon, philosophe \u00ab En surfant sur les \u00e9motions, sur les peurs, en discr\u00e9ditant la v\u00e9rit\u00e9, en perdant tout rapport avec l\u2019\u00e9tude, le savoir, la raison, la parole politique a trop souvent ouvert la voie au complotisme et \u00e0 la rumeur,\u2026","rel":"","context":"Article similaire","block_context":{"text":"Article similaire","link":""},"img":{"alt_text":"","src":"https:\/\/i0.wp.com\/www.belopolie.fr\/wp-content\/uploads\/2023\/12\/DSC01030-scaled.jpg?resize=350%2C200&ssl=1","width":350,"height":200,"srcset":"https:\/\/i0.wp.com\/www.belopolie.fr\/wp-content\/uploads\/2023\/12\/DSC01030-scaled.jpg?resize=350%2C200&ssl=1 1x, https:\/\/i0.wp.com\/www.belopolie.fr\/wp-content\/uploads\/2023\/12\/DSC01030-scaled.jpg?resize=525%2C300&ssl=1 1.5x, https:\/\/i0.wp.com\/www.belopolie.fr\/wp-content\/uploads\/2023\/12\/DSC01030-scaled.jpg?resize=700%2C400&ssl=1 2x, https:\/\/i0.wp.com\/www.belopolie.fr\/wp-content\/uploads\/2023\/12\/DSC01030-scaled.jpg?resize=1050%2C600&ssl=1 3x, https:\/\/i0.wp.com\/www.belopolie.fr\/wp-content\/uploads\/2023\/12\/DSC01030-scaled.jpg?resize=1400%2C800&ssl=1 4x"},"classes":[]},{"id":2,"url":"https:\/\/www.belopolie.fr\/index.php\/page-d-exemple\/","url_meta":{"origin":150,"position":5},"title":"Page d\u2019exemple","author":"admin2828","date":"6 d\u00e9cembre 2023","format":false,"excerpt":"Ceci est une page d\u2019exemple. C\u2019est diff\u00e9rent d\u2019un article de blog parce qu\u2019elle restera au m\u00eame endroit et appara\u00eetra dans la navigation de votre site (dans la plupart des th\u00e8mes). La plupart des gens commencent par une page \u00ab\u00a0\u00c0 propos\u00a0\u00bb qui les pr\u00e9sente aux personnes visitant le site. Cela pourrait\u2026","rel":"","context":"Article similaire","block_context":{"text":"Article similaire","link":""},"img":{"alt_text":"","src":"","width":0,"height":0},"classes":[]}],"_links":{"self":[{"href":"https:\/\/www.belopolie.fr\/index.php\/wp-json\/wp\/v2\/pages\/150","targetHints":{"allow":["GET"]}}],"collection":[{"href":"https:\/\/www.belopolie.fr\/index.php\/wp-json\/wp\/v2\/pages"}],"about":[{"href":"https:\/\/www.belopolie.fr\/index.php\/wp-json\/wp\/v2\/types\/page"}],"author":[{"embeddable":true,"href":"https:\/\/www.belopolie.fr\/index.php\/wp-json\/wp\/v2\/users\/1"}],"replies":[{"embeddable":true,"href":"https:\/\/www.belopolie.fr\/index.php\/wp-json\/wp\/v2\/comments?post=150"}],"version-history":[{"count":4,"href":"https:\/\/www.belopolie.fr\/index.php\/wp-json\/wp\/v2\/pages\/150\/revisions"}],"predecessor-version":[{"id":221,"href":"https:\/\/www.belopolie.fr\/index.php\/wp-json\/wp\/v2\/pages\/150\/revisions\/221"}],"wp:attachment":[{"href":"https:\/\/www.belopolie.fr\/index.php\/wp-json\/wp\/v2\/media?parent=150"}],"curies":[{"name":"wp","href":"https:\/\/api.w.org\/{rel}","templated":true}]}}