{"id":237,"date":"2024-01-11T11:21:54","date_gmt":"2024-01-11T10:21:54","guid":{"rendered":"https:\/\/www.belopolie.fr\/?page_id=237"},"modified":"2024-01-12T10:17:24","modified_gmt":"2024-01-12T09:17:24","slug":"penser-decider-agir","status":"publish","type":"page","link":"https:\/\/www.belopolie.fr\/index.php\/penser-decider-agir\/","title":{"rendered":"Penser, d\u00e9cider, agir"},"content":{"rendered":"\n<figure class=\"wp-block-image aligncenter size-large\"><img fetchpriority=\"high\" decoding=\"async\" width=\"1024\" height=\"683\" src=\"https:\/\/i0.wp.com\/www.belopolie.fr\/wp-content\/uploads\/2024\/01\/DSC05653.jpg?resize=1024%2C683&#038;ssl=1\" alt=\"\" class=\"wp-image-243\" srcset=\"https:\/\/i0.wp.com\/www.belopolie.fr\/wp-content\/uploads\/2024\/01\/DSC05653-scaled.jpg?resize=1024%2C683&amp;ssl=1 1024w, https:\/\/i0.wp.com\/www.belopolie.fr\/wp-content\/uploads\/2024\/01\/DSC05653-scaled.jpg?resize=300%2C200&amp;ssl=1 300w, https:\/\/i0.wp.com\/www.belopolie.fr\/wp-content\/uploads\/2024\/01\/DSC05653-scaled.jpg?resize=768%2C512&amp;ssl=1 768w, https:\/\/i0.wp.com\/www.belopolie.fr\/wp-content\/uploads\/2024\/01\/DSC05653-scaled.jpg?resize=1536%2C1024&amp;ssl=1 1536w, https:\/\/i0.wp.com\/www.belopolie.fr\/wp-content\/uploads\/2024\/01\/DSC05653-scaled.jpg?resize=2048%2C1365&amp;ssl=1 2048w, https:\/\/i0.wp.com\/www.belopolie.fr\/wp-content\/uploads\/2024\/01\/DSC05653-scaled.jpg?resize=600%2C400&amp;ssl=1 600w\" sizes=\"(max-width: 1000px) 100vw, 1000px\" data-recalc-dims=\"1\" \/><\/figure>\n\n\n\n<p><strong>Des livres pour prolonger La nuit.&nbsp;<\/strong><br>L\u2019enjeu de la collection \u00ab Penser, d\u00e9cider, agir \u00bb, est d\u2019alerter au pr\u00e9sent, de construire au futur, y compris po\u00e9tiquement, un nouveau projet en mati\u00e8re de politique, de culture, d\u2019\u00e9cologie et de solidarit\u00e9 sociale. Des textes brefs et n\u00e9cessaires comme autant de souffles.<\/p>\n\n\n\n<p><\/p>\n\n\n\n<div class=\"wp-block-columns is-layout-flex wp-container-core-columns-is-layout-28f84493 wp-block-columns-is-layout-flex\">\n<div class=\"wp-block-column is-layout-flow wp-block-column-is-layout-flow\">\n<figure class=\"wp-block-image size-large\"><img decoding=\"async\" width=\"1024\" height=\"1024\" src=\"https:\/\/i0.wp.com\/www.belopolie.fr\/wp-content\/uploads\/2024\/01\/PDA-INSTA8.jpg?resize=1024%2C1024&#038;ssl=1\" alt=\"\" class=\"wp-image-241\" srcset=\"https:\/\/i0.wp.com\/www.belopolie.fr\/wp-content\/uploads\/2024\/01\/PDA-INSTA8.jpg?resize=1024%2C1024&amp;ssl=1 1024w, https:\/\/i0.wp.com\/www.belopolie.fr\/wp-content\/uploads\/2024\/01\/PDA-INSTA8.jpg?resize=300%2C300&amp;ssl=1 300w, https:\/\/i0.wp.com\/www.belopolie.fr\/wp-content\/uploads\/2024\/01\/PDA-INSTA8.jpg?resize=150%2C150&amp;ssl=1 150w, https:\/\/i0.wp.com\/www.belopolie.fr\/wp-content\/uploads\/2024\/01\/PDA-INSTA8.jpg?resize=768%2C768&amp;ssl=1 768w, https:\/\/i0.wp.com\/www.belopolie.fr\/wp-content\/uploads\/2024\/01\/PDA-INSTA8.jpg?resize=600%2C600&amp;ssl=1 600w, https:\/\/i0.wp.com\/www.belopolie.fr\/wp-content\/uploads\/2024\/01\/PDA-INSTA8.jpg?resize=100%2C100&amp;ssl=1 100w, https:\/\/i0.wp.com\/www.belopolie.fr\/wp-content\/uploads\/2024\/01\/PDA-INSTA8.jpg?w=1080&amp;ssl=1 1080w\" sizes=\"(max-width: 1000px) 100vw, 1000px\" data-recalc-dims=\"1\" \/><\/figure>\n<\/div>\n\n\n\n<div class=\"wp-block-column is-layout-flow wp-block-column-is-layout-flow\">\n<p>\u00c0 PARA\u00ceTRE LE 22\/02\/24<br><strong>Penser, d\u00e9cider, agir<\/strong><br><strong>Les contestations<br>Dominique Rousseau<\/strong><br>Essentielles \u00e0 la continuit\u00e9 de la d\u00e9mocratie, les contestations sont pourtant menac\u00e9es, condamn\u00e9es, parfois m\u00eame interdites. En juriste aguerri, Dominique Rousseau d\u00e9montre avec brio leur l\u00e9gitimit\u00e9 en d\u00e9taillant les m\u00e9canismes d\u2019une contestation r\u00e9ussie. Il enjoint chacune et chacun \u00e0 quitter son espace priv\u00e9 pour rejoindre l\u2019espace public. \u00c0 exprimer et partager, avec ses mots, sa vie quotidienne, ce qui n\u2019est plus tol\u00e9rable, ce qui doit \u00eatre r\u00e9v\u00e9l\u00e9 et non plus ignor\u00e9. Si ce texte appelle \u00e0 garder la d\u00e9mocratie vivante, il est aussi une r\u00e9flexion sur nos institutions, sur la construction de la citoyennet\u00e9 et son engagement \u00e0 r\u00e9inventer l\u2019avenir. O\u00f9 contester, haut et fort, est une exigence d\u00e9mocratique.<br><br>Broch\u00e9, 56 pages<br><strong>10 \u20ac<\/strong><\/p>\n\n\n\n<div class=\"wp-block-buttons is-layout-flex wp-block-buttons-is-layout-flex\">\n<div class=\"wp-block-button\"><a class=\"wp-block-button__link wp-element-button\" href=\"https:\/\/www.belopolie.fr\/index.php\/product\/penser-decider-agir-les-contestations\/\">ACHETER<\/a><\/div>\n<\/div>\n<\/div>\n<\/div>\n\n\n\n<div class=\"wp-block-columns is-layout-flex wp-container-core-columns-is-layout-28f84493 wp-block-columns-is-layout-flex\">\n<div class=\"wp-block-column is-layout-flow wp-block-column-is-layout-flow\">\n<figure class=\"wp-block-image size-large is-resized\"><img decoding=\"async\" width=\"1024\" height=\"683\" src=\"https:\/\/i0.wp.com\/www.belopolie.fr\/wp-content\/uploads\/2024\/01\/DSC05643.jpg?resize=1024%2C683&#038;ssl=1\" alt=\"\" class=\"wp-image-248\" style=\"width:412px;height:auto\" srcset=\"https:\/\/i0.wp.com\/www.belopolie.fr\/wp-content\/uploads\/2024\/01\/DSC05643-scaled.jpg?resize=1024%2C683&amp;ssl=1 1024w, https:\/\/i0.wp.com\/www.belopolie.fr\/wp-content\/uploads\/2024\/01\/DSC05643-scaled.jpg?resize=300%2C200&amp;ssl=1 300w, https:\/\/i0.wp.com\/www.belopolie.fr\/wp-content\/uploads\/2024\/01\/DSC05643-scaled.jpg?resize=768%2C512&amp;ssl=1 768w, https:\/\/i0.wp.com\/www.belopolie.fr\/wp-content\/uploads\/2024\/01\/DSC05643-scaled.jpg?resize=1536%2C1024&amp;ssl=1 1536w, https:\/\/i0.wp.com\/www.belopolie.fr\/wp-content\/uploads\/2024\/01\/DSC05643-scaled.jpg?resize=2048%2C1365&amp;ssl=1 2048w, https:\/\/i0.wp.com\/www.belopolie.fr\/wp-content\/uploads\/2024\/01\/DSC05643-scaled.jpg?resize=600%2C400&amp;ssl=1 600w\" sizes=\"(max-width: 1000px) 100vw, 1000px\" data-recalc-dims=\"1\" \/><\/figure>\n<\/div>\n\n\n\n<div class=\"wp-block-column is-layout-flow wp-block-column-is-layout-flow\">\n<p><strong>Penser, d\u00e9cider, agir<br>Aux artistes la grande col\u00e8re (pour un renouvellement \u00e9motif)<br>France Th\u00e9oret<\/strong><br>Il est des textes fondateurs, qui orientent toute une vie.&nbsp;<em>Refus global,<\/em>&nbsp;r\u00e9dig\u00e9 par Paul-\u00c9mile Borduas \u00e0 Montr\u00e9al en 1948, entretient chez France Th\u00e9oret une flamme plus vive que jamais. Dans le sillage de ce manifeste, elle convoque la responsabilit\u00e9 des artistes, appelle \u00e0 placer l\u2019imagination au centre de l\u2019action. \u00c0 coups de mots cisel\u00e9s, elle scande un renouvellement \u00e9motif, au-del\u00e0 des fronti\u00e8res. France Th\u00e9oret bouscule, interpelle le lecteur, l\u2019engage \u00e0 agir. Le temps presse.<br><br>Broch\u00e9, 56 pages<br><strong>10 \u20ac<\/strong><\/p>\n\n\n\n<div class=\"wp-block-buttons is-layout-flex wp-block-buttons-is-layout-flex\">\n<div class=\"wp-block-button\"><a class=\"wp-block-button__link wp-element-button\" href=\"https:\/\/www.belopolie.fr\/index.php\/product\/penser-decider-agir-aux-artistes-la-grande-colere\/\">ACHETER<\/a><\/div>\n<\/div>\n<\/div>\n<\/div>\n\n\n\n<div class=\"wp-block-columns is-layout-flex wp-container-core-columns-is-layout-28f84493 wp-block-columns-is-layout-flex\">\n<div class=\"wp-block-column is-layout-flow wp-block-column-is-layout-flow\">\n<figure class=\"wp-block-image size-large is-resized\"><img loading=\"lazy\" decoding=\"async\" width=\"1024\" height=\"683\" src=\"https:\/\/i0.wp.com\/www.belopolie.fr\/wp-content\/uploads\/2024\/01\/DSC05527.jpg?resize=1024%2C683&#038;ssl=1\" alt=\"\" class=\"wp-image-250\" style=\"width:412px;height:auto\" srcset=\"https:\/\/i0.wp.com\/www.belopolie.fr\/wp-content\/uploads\/2024\/01\/DSC05527-scaled.jpg?resize=1024%2C683&amp;ssl=1 1024w, https:\/\/i0.wp.com\/www.belopolie.fr\/wp-content\/uploads\/2024\/01\/DSC05527-scaled.jpg?resize=300%2C200&amp;ssl=1 300w, https:\/\/i0.wp.com\/www.belopolie.fr\/wp-content\/uploads\/2024\/01\/DSC05527-scaled.jpg?resize=768%2C512&amp;ssl=1 768w, https:\/\/i0.wp.com\/www.belopolie.fr\/wp-content\/uploads\/2024\/01\/DSC05527-scaled.jpg?resize=1536%2C1024&amp;ssl=1 1536w, https:\/\/i0.wp.com\/www.belopolie.fr\/wp-content\/uploads\/2024\/01\/DSC05527-scaled.jpg?resize=2048%2C1365&amp;ssl=1 2048w, https:\/\/i0.wp.com\/www.belopolie.fr\/wp-content\/uploads\/2024\/01\/DSC05527-scaled.jpg?resize=600%2C400&amp;ssl=1 600w\" sizes=\"(max-width: 1000px) 100vw, 1000px\" data-recalc-dims=\"1\" \/><\/figure>\n<\/div>\n\n\n\n<div class=\"wp-block-column is-layout-flow wp-block-column-is-layout-flow\">\n<p><strong>Penser, d\u00e9cider, agir<br>Notre part de solidarit\u00e9<br>Axelle Brodiez-Dolino<\/strong><br>Qu\u2019avons-nous fait de notre<br>solidarit\u00e9 ? Le constat est accablant : dans un monde boulevers\u00e9 par la mondialisation et le rapport au travail, la soci\u00e9t\u00e9 se tend, les politiques mises en place se durcissent et les fractures se creusent. Axelle Brodiez-Dolino nous livre une r\u00e9flexion destin\u00e9e \u00e0 r\u00e9inventer une solidarit\u00e9 li\u00e9e \u00e0 l\u2019urgence \u00e9cologique, o\u00f9 chacun doit prendre sa part. L\u2019enjeu est de taille dans une soci\u00e9t\u00e9 \u00e0 refonder et une d\u00e9mocratie \u00e0 pr\u00e9server.<\/p>\n\n\n\n<p>Broch\u00e9, 48 pages<br><strong>12,50 \u20ac<\/strong><\/p>\n\n\n\n<div class=\"wp-block-buttons is-layout-flex wp-block-buttons-is-layout-flex\">\n<div class=\"wp-block-button\"><a class=\"wp-block-button__link wp-element-button\" href=\"https:\/\/www.belopolie.fr\/index.php\/product\/penser-decider-agir-notre-part-de-solidarite\/\">ACHETER<\/a><\/div>\n<\/div>\n<\/div>\n<\/div>\n\n\n\n<div class=\"wp-block-columns is-layout-flex wp-container-core-columns-is-layout-28f84493 wp-block-columns-is-layout-flex\">\n<div class=\"wp-block-column is-layout-flow wp-block-column-is-layout-flow\">\n<figure class=\"wp-block-image size-large is-resized\"><img loading=\"lazy\" decoding=\"async\" width=\"1024\" height=\"683\" src=\"https:\/\/i0.wp.com\/www.belopolie.fr\/wp-content\/uploads\/2024\/01\/DSC05554-1.jpg?resize=1024%2C683&#038;ssl=1\" alt=\"\" class=\"wp-image-251\" style=\"width:394px;height:auto\" srcset=\"https:\/\/i0.wp.com\/www.belopolie.fr\/wp-content\/uploads\/2024\/01\/DSC05554-1-scaled.jpg?resize=1024%2C683&amp;ssl=1 1024w, https:\/\/i0.wp.com\/www.belopolie.fr\/wp-content\/uploads\/2024\/01\/DSC05554-1-scaled.jpg?resize=300%2C200&amp;ssl=1 300w, https:\/\/i0.wp.com\/www.belopolie.fr\/wp-content\/uploads\/2024\/01\/DSC05554-1-scaled.jpg?resize=768%2C512&amp;ssl=1 768w, https:\/\/i0.wp.com\/www.belopolie.fr\/wp-content\/uploads\/2024\/01\/DSC05554-1-scaled.jpg?resize=1536%2C1024&amp;ssl=1 1536w, https:\/\/i0.wp.com\/www.belopolie.fr\/wp-content\/uploads\/2024\/01\/DSC05554-1-scaled.jpg?resize=2048%2C1365&amp;ssl=1 2048w, https:\/\/i0.wp.com\/www.belopolie.fr\/wp-content\/uploads\/2024\/01\/DSC05554-1-scaled.jpg?resize=600%2C400&amp;ssl=1 600w\" sizes=\"(max-width: 1000px) 100vw, 1000px\" data-recalc-dims=\"1\" \/><\/figure>\n<\/div>\n\n\n\n<div class=\"wp-block-column is-layout-flow wp-block-column-is-layout-flow\">\n<p><strong>Penser, d\u00e9cider, agir<br>Les Oiseaux<br>Pierre Bergounioux&nbsp;<\/strong><br>\u00c0 la ville, \u00e0 la campagne, les oiseaux voient leurs rangs se clairsemer, leurs chants se rar\u00e9fier. Peu \u00e0 peu, ils disparaissent. Pierre Bergounioux \u00e9voque leur place dans sa vie : au fil des mots, il r\u00e9veille, r\u00e9v\u00e8le les liens tiss\u00e9s avec eux, dans une langue po\u00e9tique, \u00e0 la fois magique et r\u00e9aliste, d\u2019autant plus implacable. L\u2019\u00e9crivain, en une formule ramass\u00e9e et fulgurante, nous livre une pens\u00e9e qui ne peut laisser indiff\u00e9rent.<\/p>\n\n\n\n<p>Broch\u00e9, 32 pages<br><strong>10 \u20ac<\/strong><\/p>\n\n\n\n<div class=\"wp-block-buttons is-layout-flex wp-block-buttons-is-layout-flex\">\n<div class=\"wp-block-button\"><a class=\"wp-block-button__link wp-element-button\" href=\"https:\/\/www.belopolie.fr\/index.php\/product\/penser-decider-agir-les-oiseaux\/\">ACHETER<\/a><\/div>\n<\/div>\n<\/div>\n<\/div>\n\n\n\n<p><br><\/p>\n\n\n\n<p><\/p>\n","protected":false},"excerpt":{"rendered":"<p>Des livres pour prolonger La nuit.&nbsp;L\u2019enjeu de la collection \u00ab Penser, d\u00e9cider, agir \u00bb, est d\u2019alerter au pr\u00e9sent, de construire au futur, y compris po\u00e9tiquement, un nouveau projet en mati\u00e8re de politique, de culture, d\u2019\u00e9cologie et de solidarit\u00e9 sociale. Des textes brefs et n\u00e9cessaires comme autant de souffles. \u00c0 PARA\u00ceTRE LE 22\/02\/24Penser, d\u00e9cider, agirLes contestationsDominique [&hellip;]<\/p>\n","protected":false},"author":1,"featured_media":0,"parent":0,"menu_order":0,"comment_status":"closed","ping_status":"closed","template":"","meta":{"footnotes":""},"class_list":["post-237","page","type-page","status-publish","hentry"],"jetpack_sharing_enabled":true,"jetpack-related-posts":[{"id":50,"url":"https:\/\/www.belopolie.fr\/index.php\/les-oiseaux-lu-par-denis-lavant\/","url_meta":{"origin":237,"position":0},"title":"Les oiseaux, lu par Denis Lavant","author":"admin2828","date":"17 d\u00e9cembre 2023","format":false,"excerpt":"Les oiseaux, lu par Denis Lavant Penser, d\u00e9cider, agir Les oiseaux Pierre Bergounioux Lu par Denis LavantUn enregistrement r\u00e9alis\u00e9 par St\u00e9phane Larrat","rel":"","context":"Article similaire","block_context":{"text":"Article similaire","link":""},"img":{"alt_text":"","src":"https:\/\/i0.wp.com\/www.belopolie.fr\/wp-content\/uploads\/2024\/03\/PDA-INSTA10.jpg?resize=350%2C200&ssl=1","width":350,"height":200,"srcset":"https:\/\/i0.wp.com\/www.belopolie.fr\/wp-content\/uploads\/2024\/03\/PDA-INSTA10.jpg?resize=350%2C200&ssl=1 1x, https:\/\/i0.wp.com\/www.belopolie.fr\/wp-content\/uploads\/2024\/03\/PDA-INSTA10.jpg?resize=525%2C300&ssl=1 1.5x, https:\/\/i0.wp.com\/www.belopolie.fr\/wp-content\/uploads\/2024\/03\/PDA-INSTA10.jpg?resize=700%2C400&ssl=1 2x, https:\/\/i0.wp.com\/www.belopolie.fr\/wp-content\/uploads\/2024\/03\/PDA-INSTA10.jpg?resize=1050%2C600&ssl=1 3x"},"classes":[]},{"id":142,"url":"https:\/\/www.belopolie.fr\/index.php\/la-nuit-5\/","url_meta":{"origin":237,"position":1},"title":"La nuit. #5","author":"admin2828","date":"17 d\u00e9cembre 2023","format":false,"excerpt":"#5. Fraternit\u00e9 Entretien avec Samuel Hayat, chercheur en science politique\u00ab\u00a0La fraternit\u00e9, en R\u00e9publique, comme la libert\u00e9 et l\u2019\u00e9galit\u00e9, n\u2019est accept\u00e9e par les dominants et par l\u2019appareil d\u2019\u00c9tat que de mani\u00e8re conditionnelle, partielle, sous r\u00e9serve d\u2019une acceptation g\u00e9n\u00e9rale de l\u2019ordre social.\u00a0\u00bb La nuit introuvable\u00a0d\u2019Abdella Khaldi\u00ab On doit se rendre \u00e0 l\u2019\u00e9vidence\u2026","rel":"","context":"Article similaire","block_context":{"text":"Article similaire","link":""},"img":{"alt_text":"","src":"","width":0,"height":0},"classes":[]},{"id":136,"url":"https:\/\/www.belopolie.fr\/index.php\/la-nuit-3\/","url_meta":{"origin":237,"position":2},"title":"La nuit. #3","author":"admin2828","date":"17 d\u00e9cembre 2023","format":false,"excerpt":"#3. \u00catre pauvre, en France Entretien avec Axelle Brodiez-Dolino, historienne\u00ab Lutter contre la pauvret\u00e9, c\u2019est aussi travailler pour la d\u00e9mocratie. \u00bb En moi la nuit, un texte in\u00e9dit de Catherine Mavrikakis\u00ab Souvent, la nuit m\u2019arrive, \u00e0 l\u2019improviste, en plein jour, dans une lumi\u00e8re \u00e9blouissante, et je ne sais pourquoi (je\u2026","rel":"","context":"Article similaire","block_context":{"text":"Article similaire","link":""},"img":{"alt_text":"","src":"","width":0,"height":0},"classes":[]},{"id":123,"url":"https:\/\/www.belopolie.fr\/index.php\/la-nuit-1\/","url_meta":{"origin":237,"position":3},"title":"La nuit. 1","author":"admin2828","date":"17 d\u00e9cembre 2023","format":false,"excerpt":"#1. R\u00eavons-nous d\u2019une r\u00e9volution Alger, Beyrouth, Bagdad, Hongkong, Khartoum, Santiago, que reste-t-il des r\u00e9volutions ?Entretien avec Ludivine Bantigny, historienne \u00abTous les mouvements r\u00e9volutionnaires sont des temps suspendus \u00bb Une exploration po\u00e9tique et politique de la nuit La nuit divine\u00a0de Pierre BergouniouxUlysse face \u00e0 Cyclope. Un texte t\u00e9n\u00e9breux, cavernicole et nocturne.\u2026","rel":"","context":"Article similaire","block_context":{"text":"Article similaire","link":""},"img":{"alt_text":"","src":"https:\/\/i0.wp.com\/www.belopolie.fr\/wp-content\/uploads\/2023\/12\/DSC00934-scaled.jpg?resize=350%2C200&ssl=1","width":350,"height":200,"srcset":"https:\/\/i0.wp.com\/www.belopolie.fr\/wp-content\/uploads\/2023\/12\/DSC00934-scaled.jpg?resize=350%2C200&ssl=1 1x, https:\/\/i0.wp.com\/www.belopolie.fr\/wp-content\/uploads\/2023\/12\/DSC00934-scaled.jpg?resize=525%2C300&ssl=1 1.5x, https:\/\/i0.wp.com\/www.belopolie.fr\/wp-content\/uploads\/2023\/12\/DSC00934-scaled.jpg?resize=700%2C400&ssl=1 2x, https:\/\/i0.wp.com\/www.belopolie.fr\/wp-content\/uploads\/2023\/12\/DSC00934-scaled.jpg?resize=1050%2C600&ssl=1 3x, https:\/\/i0.wp.com\/www.belopolie.fr\/wp-content\/uploads\/2023\/12\/DSC00934-scaled.jpg?resize=1400%2C800&ssl=1 4x"},"classes":[]}],"_links":{"self":[{"href":"https:\/\/www.belopolie.fr\/index.php\/wp-json\/wp\/v2\/pages\/237","targetHints":{"allow":["GET"]}}],"collection":[{"href":"https:\/\/www.belopolie.fr\/index.php\/wp-json\/wp\/v2\/pages"}],"about":[{"href":"https:\/\/www.belopolie.fr\/index.php\/wp-json\/wp\/v2\/types\/page"}],"author":[{"embeddable":true,"href":"https:\/\/www.belopolie.fr\/index.php\/wp-json\/wp\/v2\/users\/1"}],"replies":[{"embeddable":true,"href":"https:\/\/www.belopolie.fr\/index.php\/wp-json\/wp\/v2\/comments?post=237"}],"version-history":[{"count":7,"href":"https:\/\/www.belopolie.fr\/index.php\/wp-json\/wp\/v2\/pages\/237\/revisions"}],"predecessor-version":[{"id":259,"href":"https:\/\/www.belopolie.fr\/index.php\/wp-json\/wp\/v2\/pages\/237\/revisions\/259"}],"wp:attachment":[{"href":"https:\/\/www.belopolie.fr\/index.php\/wp-json\/wp\/v2\/media?parent=237"}],"curies":[{"name":"wp","href":"https:\/\/api.w.org\/{rel}","templated":true}]}}