{"id":256,"date":"2024-01-12T09:39:12","date_gmt":"2024-01-12T08:39:12","guid":{"rendered":"https:\/\/www.belopolie.fr\/?post_type=product&#038;p=256"},"modified":"2024-01-12T13:56:15","modified_gmt":"2024-01-12T12:56:15","slug":"penser-decider-agir-aux-artistes-la-grande-colere","status":"publish","type":"product","link":"https:\/\/www.belopolie.fr\/index.php\/product\/penser-decider-agir-aux-artistes-la-grande-colere\/","title":{"rendered":"Penser, d\u00e9cider, agir : Aux artistes la grande col\u00e8re"},"content":{"rendered":"<div>\n<p>Il est des textes fondateurs qui orientent toute une vie. Refus global, r\u00e9dig\u00e9 par Paul-\u00c9mile Borduas \u00e0 Montr\u00e9al en 1948, entretient chez <strong>France Th\u00e9oret<\/strong> une flamme plus vive que jamais. En relisant ce manifeste, qui \u00ab comprend une mati\u00e8re explosive, un grand texte de libert\u00e9 \u00bb, elle convoque la responsabilit\u00e9 des artistes, appelle \u00e0 placer l\u2019imagination au centre de l\u2019action. Par-del\u00e0 les fronti\u00e8res, l\u2019autrice scande un renouvellement \u00e9motif, bouscule, interpelle le lecteur, l\u2019engage \u00e0 agir : le temps presse.<\/p>\n<p>\u00ab Les r\u00eaveurs intransigeants sont des artistes. Nombreux sont ceux et celles qui per\u00e7oivent la stagnation. Ils veulent la fin de l\u2019interminable l\u00e9thargie meurtri\u00e8re. La soci\u00e9t\u00e9 peut se renouveler. Elle le doit. L\u2019imagination qui s\u2019est \u00e9teinte a un imp\u00e9rieux d\u00e9sir d\u2019\u00e9motions. Ce sont les artistes qui vont renouveler la soci\u00e9t\u00e9. Il faut savoir \u00e0 quoi nous tenons. \u00bb<\/p>\n<\/div>\n<p class=\"CorpsA\">56 pages, broch\u00e9<\/p>\n<p>N\u00e9e \u00e0 Montr\u00e9al en 1942, France Th\u00e9oret est une po\u00e9tesse, romanci\u00e8re, essayiste, dont l\u2019\u0153uvre s\u2019inscrit dans la prise de paroles des femmes. Parmi ses livres, <i>Bloody Mary<\/i> (1977), <i>Une belle \u00e9ducation<\/i> (2006) ou <i>La For\u00eat des signes<\/i> (2021) interrogent la soci\u00e9t\u00e9 qu\u00e9b\u00e9coise \u00e0 partir d\u2019un fil autobiographique. Son \u00e9criture, exigeante, en fait une voix majeure des lettres francophones. France Th\u00e9oret est membre de l\u2019Acad\u00e9mie des lettres du Qu\u00e9bec. En 2012, elle a re\u00e7u le prestigieux prix Athanase-David pour l\u2019ensemble de son \u0153uvre.<\/p>\n","protected":false},"excerpt":{"rendered":"<p>Il est des textes fondateurs qui orientent toute une vie. Refus global, r\u00e9dig\u00e9 par Paul-\u00c9mile Borduas \u00e0 Montr\u00e9al en 1948, entretient chez <strong>France Th\u00e9oret<\/strong> une flamme plus vive que jamais. En relisant ce manifeste, qui \u00ab comprend une mati\u00e8re explosive, un grand texte de libert\u00e9 \u00bb, elle convoque la responsabilit\u00e9 des artistes, appelle \u00e0 placer l\u2019imagination au centre de l\u2019action. Par-del\u00e0 les fronti\u00e8res, l\u2019autrice scande un renouvellement \u00e9motif, bouscule, interpelle le lecteur, l\u2019engage \u00e0 agir : le temps presse.<\/p>\n","protected":false},"featured_media":262,"template":"","meta":[],"product_cat":[20,24],"product_tag":[],"class_list":["post-256","product","type-product","status-publish","has-post-thumbnail","hentry","product_cat-la-nuit","product_cat-penser-decider-agir"],"jetpack_sharing_enabled":true,"jetpack-related-posts":[{"id":236,"url":"https:\/\/www.belopolie.fr\/index.php\/product\/penser-decider-agir-notre-part-de-solidarite\/","url_meta":{"origin":256,"position":0},"title":"Penser, d\u00e9cider, agir : Notre part de solidarit\u00e9","author":"admin2828","date":"11 janvier 2024","format":false,"excerpt":"Qu\u2019avons-nous fait de notre solidarit\u00e9\u00a0? Le constat est accablant\u00a0: dans un monde boulevers\u00e9 par la mondialisation et le rapport au travail, la soci\u00e9t\u00e9 se tend, les politiques mises en place se durcissent et les fractures se creusent. Axelle Brodiez-Dolino nous livre une r\u00e9flexion destin\u00e9e \u00e0 r\u00e9inventer une solidarit\u00e9 li\u00e9e \u00e0\u2026","rel":"","context":"Article similaire","block_context":{"text":"Article similaire","link":""},"img":{"alt_text":"","src":"https:\/\/i0.wp.com\/www.belopolie.fr\/wp-content\/uploads\/2024\/01\/PDA-02_Solidarite_INSTA.jpg?fit=1200%2C1200&ssl=1&resize=350%2C200","width":350,"height":200,"srcset":"https:\/\/i0.wp.com\/www.belopolie.fr\/wp-content\/uploads\/2024\/01\/PDA-02_Solidarite_INSTA.jpg?fit=1200%2C1200&ssl=1&resize=350%2C200 1x, https:\/\/i0.wp.com\/www.belopolie.fr\/wp-content\/uploads\/2024\/01\/PDA-02_Solidarite_INSTA.jpg?fit=1200%2C1200&ssl=1&resize=525%2C300 1.5x, https:\/\/i0.wp.com\/www.belopolie.fr\/wp-content\/uploads\/2024\/01\/PDA-02_Solidarite_INSTA.jpg?fit=1200%2C1200&ssl=1&resize=700%2C400 2x, https:\/\/i0.wp.com\/www.belopolie.fr\/wp-content\/uploads\/2024\/01\/PDA-02_Solidarite_INSTA.jpg?fit=1200%2C1200&ssl=1&resize=1050%2C600 3x"},"classes":[]},{"id":257,"url":"https:\/\/www.belopolie.fr\/index.php\/product\/penser-decider-agir-les-contestations\/","url_meta":{"origin":256,"position":1},"title":"Penser, d\u00e9cider, agir : Les contestations","author":"admin2828","date":"12 janvier 2024","format":false,"excerpt":"Essentielles \u00e0 la continuit\u00e9 de la d\u00e9mocratie, les contestations sont pourtant menac\u00e9es, condamn\u00e9es, parfois m\u00eame interdites. En juriste aguerri, Dominique Rousseau d\u00e9montre avec brio leur l\u00e9gitimit\u00e9 en d\u00e9taillant les m\u00e9canismes d\u2019une contestation r\u00e9ussie. Il enjoint chacune et chacun \u00e0 quitter son espace priv\u00e9 pour rejoindre l\u2019espace public. \u00c0 exprimer et\u2026","rel":"","context":"Article similaire","block_context":{"text":"Article similaire","link":""},"img":{"alt_text":"","src":"https:\/\/i0.wp.com\/www.belopolie.fr\/wp-content\/uploads\/2024\/01\/PDA-INSTA8.jpg?fit=1080%2C1080&ssl=1&resize=350%2C200","width":350,"height":200,"srcset":"https:\/\/i0.wp.com\/www.belopolie.fr\/wp-content\/uploads\/2024\/01\/PDA-INSTA8.jpg?fit=1080%2C1080&ssl=1&resize=350%2C200 1x, https:\/\/i0.wp.com\/www.belopolie.fr\/wp-content\/uploads\/2024\/01\/PDA-INSTA8.jpg?fit=1080%2C1080&ssl=1&resize=525%2C300 1.5x, https:\/\/i0.wp.com\/www.belopolie.fr\/wp-content\/uploads\/2024\/01\/PDA-INSTA8.jpg?fit=1080%2C1080&ssl=1&resize=700%2C400 2x, https:\/\/i0.wp.com\/www.belopolie.fr\/wp-content\/uploads\/2024\/01\/PDA-INSTA8.jpg?fit=1080%2C1080&ssl=1&resize=1050%2C600 3x"},"classes":[]},{"id":233,"url":"https:\/\/www.belopolie.fr\/index.php\/product\/penser-decider-agir-les-oiseaux\/","url_meta":{"origin":256,"position":2},"title":"Penser, d\u00e9cider, agir : Les oiseaux","author":"admin2828","date":"11 janvier 2024","format":false,"excerpt":"\u00c0 la ville, \u00e0 la campagne, les oiseaux voient leurs rangs se clairsemer, leurs chants se rar\u00e9fier. Peu \u00e0 peu, ils disparaissent. Pierre Bergounioux \u00e9voque leur place dans sa vie\u00a0: au fil des mots, il r\u00e9veille, r\u00e9v\u00e8le les liens tiss\u00e9s avec eux, dans une langue po\u00e9tique, \u00e0 la fois magique\u2026","rel":"","context":"Article similaire","block_context":{"text":"Article similaire","link":""},"img":{"alt_text":"","src":"https:\/\/i0.wp.com\/www.belopolie.fr\/wp-content\/uploads\/2024\/01\/PDA-01_Oiseaux_INSTA.jpg?fit=1200%2C1200&ssl=1&resize=350%2C200","width":350,"height":200,"srcset":"https:\/\/i0.wp.com\/www.belopolie.fr\/wp-content\/uploads\/2024\/01\/PDA-01_Oiseaux_INSTA.jpg?fit=1200%2C1200&ssl=1&resize=350%2C200 1x, https:\/\/i0.wp.com\/www.belopolie.fr\/wp-content\/uploads\/2024\/01\/PDA-01_Oiseaux_INSTA.jpg?fit=1200%2C1200&ssl=1&resize=525%2C300 1.5x, https:\/\/i0.wp.com\/www.belopolie.fr\/wp-content\/uploads\/2024\/01\/PDA-01_Oiseaux_INSTA.jpg?fit=1200%2C1200&ssl=1&resize=700%2C400 2x, https:\/\/i0.wp.com\/www.belopolie.fr\/wp-content\/uploads\/2024\/01\/PDA-01_Oiseaux_INSTA.jpg?fit=1200%2C1200&ssl=1&resize=1050%2C600 3x"},"classes":[]},{"id":228,"url":"https:\/\/www.belopolie.fr\/index.php\/product\/la-nuit-3\/","url_meta":{"origin":256,"position":3},"title":"La nuit. #2","author":"admin2828","date":"11 janvier 2024","format":false,"excerpt":"La peur, une id\u00e9e en politique Entretien avec Marc Cr\u00e9pon, philosophe","rel":"","context":"Article similaire","block_context":{"text":"Article similaire","link":""},"img":{"alt_text":"","src":"https:\/\/i0.wp.com\/www.belopolie.fr\/wp-content\/uploads\/2024\/01\/La-nuit2-scaled.jpg?fit=1200%2C900&ssl=1&resize=350%2C200","width":350,"height":200,"srcset":"https:\/\/i0.wp.com\/www.belopolie.fr\/wp-content\/uploads\/2024\/01\/La-nuit2-scaled.jpg?fit=1200%2C900&ssl=1&resize=350%2C200 1x, https:\/\/i0.wp.com\/www.belopolie.fr\/wp-content\/uploads\/2024\/01\/La-nuit2-scaled.jpg?fit=1200%2C900&ssl=1&resize=525%2C300 1.5x, https:\/\/i0.wp.com\/www.belopolie.fr\/wp-content\/uploads\/2024\/01\/La-nuit2-scaled.jpg?fit=1200%2C900&ssl=1&resize=700%2C400 2x, https:\/\/i0.wp.com\/www.belopolie.fr\/wp-content\/uploads\/2024\/01\/La-nuit2-scaled.jpg?fit=1200%2C900&ssl=1&resize=1050%2C600 3x"},"classes":[]},{"id":230,"url":"https:\/\/www.belopolie.fr\/index.php\/product\/la-nuit-3-2\/","url_meta":{"origin":256,"position":4},"title":"La nuit. #3","author":"admin2828","date":"11 janvier 2024","format":false,"excerpt":"\u00catre pauvre, en France Entretien avec Axelle Brodiez-Dolino, historienne","rel":"","context":"Article similaire","block_context":{"text":"Article similaire","link":""},"img":{"alt_text":"","src":"https:\/\/i0.wp.com\/www.belopolie.fr\/wp-content\/uploads\/2024\/01\/Lanuit3-scaled.jpg?fit=1200%2C900&ssl=1&resize=350%2C200","width":350,"height":200,"srcset":"https:\/\/i0.wp.com\/www.belopolie.fr\/wp-content\/uploads\/2024\/01\/Lanuit3-scaled.jpg?fit=1200%2C900&ssl=1&resize=350%2C200 1x, https:\/\/i0.wp.com\/www.belopolie.fr\/wp-content\/uploads\/2024\/01\/Lanuit3-scaled.jpg?fit=1200%2C900&ssl=1&resize=525%2C300 1.5x, https:\/\/i0.wp.com\/www.belopolie.fr\/wp-content\/uploads\/2024\/01\/Lanuit3-scaled.jpg?fit=1200%2C900&ssl=1&resize=700%2C400 2x, https:\/\/i0.wp.com\/www.belopolie.fr\/wp-content\/uploads\/2024\/01\/Lanuit3-scaled.jpg?fit=1200%2C900&ssl=1&resize=1050%2C600 3x"},"classes":[]},{"id":232,"url":"https:\/\/www.belopolie.fr\/index.php\/product\/la-nuit-1\/","url_meta":{"origin":256,"position":5},"title":"La nuit. #1","author":"admin2828","date":"11 janvier 2024","format":false,"excerpt":"R\u00eavons-nous d'une r\u00e9volution Entretien avec Ludivine Bantigny, historienne","rel":"","context":"Article similaire","block_context":{"text":"Article similaire","link":""},"img":{"alt_text":"","src":"https:\/\/i0.wp.com\/www.belopolie.fr\/wp-content\/uploads\/2024\/01\/La-nuit1-scaled.jpg?fit=1200%2C900&ssl=1&resize=350%2C200","width":350,"height":200,"srcset":"https:\/\/i0.wp.com\/www.belopolie.fr\/wp-content\/uploads\/2024\/01\/La-nuit1-scaled.jpg?fit=1200%2C900&ssl=1&resize=350%2C200 1x, https:\/\/i0.wp.com\/www.belopolie.fr\/wp-content\/uploads\/2024\/01\/La-nuit1-scaled.jpg?fit=1200%2C900&ssl=1&resize=525%2C300 1.5x, https:\/\/i0.wp.com\/www.belopolie.fr\/wp-content\/uploads\/2024\/01\/La-nuit1-scaled.jpg?fit=1200%2C900&ssl=1&resize=700%2C400 2x, https:\/\/i0.wp.com\/www.belopolie.fr\/wp-content\/uploads\/2024\/01\/La-nuit1-scaled.jpg?fit=1200%2C900&ssl=1&resize=1050%2C600 3x"},"classes":[]}],"_links":{"self":[{"href":"https:\/\/www.belopolie.fr\/index.php\/wp-json\/wp\/v2\/product\/256","targetHints":{"allow":["GET"]}}],"collection":[{"href":"https:\/\/www.belopolie.fr\/index.php\/wp-json\/wp\/v2\/product"}],"about":[{"href":"https:\/\/www.belopolie.fr\/index.php\/wp-json\/wp\/v2\/types\/product"}],"wp:featuredmedia":[{"embeddable":true,"href":"https:\/\/www.belopolie.fr\/index.php\/wp-json\/wp\/v2\/media\/262"}],"wp:attachment":[{"href":"https:\/\/www.belopolie.fr\/index.php\/wp-json\/wp\/v2\/media?parent=256"}],"wp:term":[{"taxonomy":"product_cat","embeddable":true,"href":"https:\/\/www.belopolie.fr\/index.php\/wp-json\/wp\/v2\/product_cat?post=256"},{"taxonomy":"product_tag","embeddable":true,"href":"https:\/\/www.belopolie.fr\/index.php\/wp-json\/wp\/v2\/product_tag?post=256"}],"curies":[{"name":"wp","href":"https:\/\/api.w.org\/{rel}","templated":true}]}}