{"id":257,"date":"2024-01-12T09:41:21","date_gmt":"2024-01-12T08:41:21","guid":{"rendered":"https:\/\/www.belopolie.fr\/?post_type=product&#038;p=257"},"modified":"2024-01-12T09:44:18","modified_gmt":"2024-01-12T08:44:18","slug":"penser-decider-agir-les-contestations","status":"publish","type":"product","link":"https:\/\/www.belopolie.fr\/index.php\/product\/penser-decider-agir-les-contestations\/","title":{"rendered":"Penser, d\u00e9cider, agir : Les contestations"},"content":{"rendered":"<div>\n<p>Essentielles \u00e0 la continuit\u00e9 de la d\u00e9mocratie, les contestations sont pourtant menac\u00e9es, condamn\u00e9es, parfois m\u00eame interdites. En juriste aguerri, Dominique Rousseau d\u00e9montre avec brio leur l\u00e9gitimit\u00e9 en d\u00e9taillant les m\u00e9canismes d\u2019une contestation r\u00e9ussie. Il enjoint chacune et chacun \u00e0 quitter son espace priv\u00e9 pour rejoindre l\u2019espace public. \u00c0 exprimer et partager, avec ses mots, sa vie quotidienne, ce qui n\u2019est plus tol\u00e9rable, ce qui doit \u00eatre r\u00e9v\u00e9l\u00e9 et non plus ignor\u00e9. Si ce texte appelle \u00e0 garder la d\u00e9mocratie vivante, il est aussi une r\u00e9flexion sur nos institutions, sur la construction de la citoyennet\u00e9 et son engagement \u00e0 r\u00e9inventer l\u2019avenir. O\u00f9 contester, haut et fort, est une exigence d\u00e9mocratique.<\/p>\n<p>\u00ab\u00a0Par l\u2019acte de contester, les hommes et les femmes r\u00e9alisent le projet de 1789. Ils d\u00e9tachent leur volont\u00e9 de celle des \u00e9lus, et ouvrent ainsi une double relation, d\u2019abord avec eux-m\u00eames puisqu\u2019ils se reconnaissent autonomes, ensuite avec les \u00e9lus puisque l\u2019absence de fusion des volont\u00e9s appelle un espace o\u00f9 puissent se r\u00e9fl\u00e9chir volont\u00e9 des contestataires et volont\u00e9 des repr\u00e9sentants. Ils font vivre la part oubli\u00e9e de la l\u00e9gitimit\u00e9 politique inaugur\u00e9e en 1789.\u00a0\u00bb<\/p>\n<\/div>\n<p class=\"CorpsA\">56 pages, broch\u00e9<\/p>\n<p>Dominique Rousseau est professeur de droit constitutionnel et membre honoraire de l\u2019Institut universitaire de France. Auteur de nombreux ouvrages, dont <i>La V<\/i><i><sup>e<\/sup><\/i><i> R\u00e9publique se meurt, vive la d\u00e9mocratie<\/i> (Odile Jacob, 2007), <i>Radicaliser la d\u00e9mocratie. Propositions pour une refondation<\/i> (Seuil, 2015) et <i>Six Th\u00e8ses pour la d\u00e9mocratie continue<\/i> (Odile Jacob, 2022), il publie r\u00e9guli\u00e8rement des tribunes dans <i>Le Monde<\/i>.<\/p>\n","protected":false},"excerpt":{"rendered":"<p>Essentielles \u00e0 la continuit\u00e9 de la d\u00e9mocratie, les contestations sont pourtant menac\u00e9es, condamn\u00e9es, parfois m\u00eame interdites. En juriste aguerri, Dominique Rousseau d\u00e9montre avec brio leur l\u00e9gitimit\u00e9 en d\u00e9taillant les m\u00e9canismes d\u2019une contestation r\u00e9ussie. Il enjoint chacune et chacun \u00e0 quitter son espace priv\u00e9 pour rejoindre l\u2019espace public. \u00c0 exprimer et partager, avec ses mots, sa vie quotidienne, ce qui n\u2019est plus tol\u00e9rable, ce qui doit \u00eatre r\u00e9v\u00e9l\u00e9 et non plus ignor\u00e9. Si ce texte appelle \u00e0 garder la d\u00e9mocratie vivante, il est aussi une r\u00e9flexion sur nos institutions, sur la construction de la citoyennet\u00e9 et son engagement \u00e0 r\u00e9inventer l\u2019avenir. O\u00f9 contester, haut et fort, est une exigence d\u00e9mocratique.<\/p>\n","protected":false},"featured_media":241,"template":"","meta":[],"product_cat":[20,24],"product_tag":[],"class_list":["post-257","product","type-product","status-publish","has-post-thumbnail","hentry","product_cat-la-nuit","product_cat-penser-decider-agir"],"jetpack_sharing_enabled":true,"jetpack-related-posts":[{"id":236,"url":"https:\/\/www.belopolie.fr\/index.php\/product\/penser-decider-agir-notre-part-de-solidarite\/","url_meta":{"origin":257,"position":0},"title":"Penser, d\u00e9cider, agir : Notre part de solidarit\u00e9","author":"admin2828","date":"11 janvier 2024","format":false,"excerpt":"Qu\u2019avons-nous fait de notre solidarit\u00e9\u00a0? Le constat est accablant\u00a0: dans un monde boulevers\u00e9 par la mondialisation et le rapport au travail, la soci\u00e9t\u00e9 se tend, les politiques mises en place se durcissent et les fractures se creusent. Axelle Brodiez-Dolino nous livre une r\u00e9flexion destin\u00e9e \u00e0 r\u00e9inventer une solidarit\u00e9 li\u00e9e \u00e0\u2026","rel":"","context":"Article similaire","block_context":{"text":"Article similaire","link":""},"img":{"alt_text":"","src":"https:\/\/i0.wp.com\/www.belopolie.fr\/wp-content\/uploads\/2024\/01\/PDA-02_Solidarite_INSTA.jpg?fit=1200%2C1200&ssl=1&resize=350%2C200","width":350,"height":200,"srcset":"https:\/\/i0.wp.com\/www.belopolie.fr\/wp-content\/uploads\/2024\/01\/PDA-02_Solidarite_INSTA.jpg?fit=1200%2C1200&ssl=1&resize=350%2C200 1x, https:\/\/i0.wp.com\/www.belopolie.fr\/wp-content\/uploads\/2024\/01\/PDA-02_Solidarite_INSTA.jpg?fit=1200%2C1200&ssl=1&resize=525%2C300 1.5x, https:\/\/i0.wp.com\/www.belopolie.fr\/wp-content\/uploads\/2024\/01\/PDA-02_Solidarite_INSTA.jpg?fit=1200%2C1200&ssl=1&resize=700%2C400 2x, https:\/\/i0.wp.com\/www.belopolie.fr\/wp-content\/uploads\/2024\/01\/PDA-02_Solidarite_INSTA.jpg?fit=1200%2C1200&ssl=1&resize=1050%2C600 3x"},"classes":[]},{"id":218,"url":"https:\/\/www.belopolie.fr\/index.php\/product\/la-nuit-6\/","url_meta":{"origin":257,"position":1},"title":"La nuit. #6","author":"admin2828","date":"11 janvier 2024","format":false,"excerpt":"La v\u00e9rit\u00e9 \u00e0 l'\u00e9preuve du faire croire Entretien avec Myriam Revault d'Allones, philosophe","rel":"","context":"Article similaire","block_context":{"text":"Article similaire","link":""},"img":{"alt_text":"","src":"https:\/\/i0.wp.com\/www.belopolie.fr\/wp-content\/uploads\/2024\/01\/La-nuit6-mockup-b-scaled.jpg?fit=1200%2C900&ssl=1&resize=350%2C200","width":350,"height":200,"srcset":"https:\/\/i0.wp.com\/www.belopolie.fr\/wp-content\/uploads\/2024\/01\/La-nuit6-mockup-b-scaled.jpg?fit=1200%2C900&ssl=1&resize=350%2C200 1x, https:\/\/i0.wp.com\/www.belopolie.fr\/wp-content\/uploads\/2024\/01\/La-nuit6-mockup-b-scaled.jpg?fit=1200%2C900&ssl=1&resize=525%2C300 1.5x, https:\/\/i0.wp.com\/www.belopolie.fr\/wp-content\/uploads\/2024\/01\/La-nuit6-mockup-b-scaled.jpg?fit=1200%2C900&ssl=1&resize=700%2C400 2x, https:\/\/i0.wp.com\/www.belopolie.fr\/wp-content\/uploads\/2024\/01\/La-nuit6-mockup-b-scaled.jpg?fit=1200%2C900&ssl=1&resize=1050%2C600 3x"},"classes":[]},{"id":216,"url":"https:\/\/www.belopolie.fr\/index.php\/product\/la-nuit-7\/","url_meta":{"origin":257,"position":2},"title":"La nuit. #7","author":"admin2828","date":"11 janvier 2024","format":false,"excerpt":"Maghreb, les promesses d\u2019un destin collectif Entretien avec Khadija Mohsen-Finan, politologue et historienne","rel":"","context":"Article similaire","block_context":{"text":"Article similaire","link":""},"img":{"alt_text":"","src":"https:\/\/i0.wp.com\/www.belopolie.fr\/wp-content\/uploads\/2024\/01\/763f075e-9433-47c0-b3bb-04c02a66f739.jpg?fit=1200%2C900&ssl=1&resize=350%2C200","width":350,"height":200,"srcset":"https:\/\/i0.wp.com\/www.belopolie.fr\/wp-content\/uploads\/2024\/01\/763f075e-9433-47c0-b3bb-04c02a66f739.jpg?fit=1200%2C900&ssl=1&resize=350%2C200 1x, https:\/\/i0.wp.com\/www.belopolie.fr\/wp-content\/uploads\/2024\/01\/763f075e-9433-47c0-b3bb-04c02a66f739.jpg?fit=1200%2C900&ssl=1&resize=525%2C300 1.5x, https:\/\/i0.wp.com\/www.belopolie.fr\/wp-content\/uploads\/2024\/01\/763f075e-9433-47c0-b3bb-04c02a66f739.jpg?fit=1200%2C900&ssl=1&resize=700%2C400 2x, https:\/\/i0.wp.com\/www.belopolie.fr\/wp-content\/uploads\/2024\/01\/763f075e-9433-47c0-b3bb-04c02a66f739.jpg?fit=1200%2C900&ssl=1&resize=1050%2C600 3x"},"classes":[]},{"id":230,"url":"https:\/\/www.belopolie.fr\/index.php\/product\/la-nuit-3-2\/","url_meta":{"origin":257,"position":3},"title":"La nuit. #3","author":"admin2828","date":"11 janvier 2024","format":false,"excerpt":"\u00catre pauvre, en France Entretien avec Axelle Brodiez-Dolino, historienne","rel":"","context":"Article similaire","block_context":{"text":"Article similaire","link":""},"img":{"alt_text":"","src":"https:\/\/i0.wp.com\/www.belopolie.fr\/wp-content\/uploads\/2024\/01\/Lanuit3-scaled.jpg?fit=1200%2C900&ssl=1&resize=350%2C200","width":350,"height":200,"srcset":"https:\/\/i0.wp.com\/www.belopolie.fr\/wp-content\/uploads\/2024\/01\/Lanuit3-scaled.jpg?fit=1200%2C900&ssl=1&resize=350%2C200 1x, https:\/\/i0.wp.com\/www.belopolie.fr\/wp-content\/uploads\/2024\/01\/Lanuit3-scaled.jpg?fit=1200%2C900&ssl=1&resize=525%2C300 1.5x, https:\/\/i0.wp.com\/www.belopolie.fr\/wp-content\/uploads\/2024\/01\/Lanuit3-scaled.jpg?fit=1200%2C900&ssl=1&resize=700%2C400 2x, https:\/\/i0.wp.com\/www.belopolie.fr\/wp-content\/uploads\/2024\/01\/Lanuit3-scaled.jpg?fit=1200%2C900&ssl=1&resize=1050%2C600 3x"},"classes":[]},{"id":233,"url":"https:\/\/www.belopolie.fr\/index.php\/product\/penser-decider-agir-les-oiseaux\/","url_meta":{"origin":257,"position":4},"title":"Penser, d\u00e9cider, agir : Les oiseaux","author":"admin2828","date":"11 janvier 2024","format":false,"excerpt":"\u00c0 la ville, \u00e0 la campagne, les oiseaux voient leurs rangs se clairsemer, leurs chants se rar\u00e9fier. Peu \u00e0 peu, ils disparaissent. Pierre Bergounioux \u00e9voque leur place dans sa vie\u00a0: au fil des mots, il r\u00e9veille, r\u00e9v\u00e8le les liens tiss\u00e9s avec eux, dans une langue po\u00e9tique, \u00e0 la fois magique\u2026","rel":"","context":"Article similaire","block_context":{"text":"Article similaire","link":""},"img":{"alt_text":"","src":"https:\/\/i0.wp.com\/www.belopolie.fr\/wp-content\/uploads\/2024\/01\/PDA-01_Oiseaux_INSTA.jpg?fit=1200%2C1200&ssl=1&resize=350%2C200","width":350,"height":200,"srcset":"https:\/\/i0.wp.com\/www.belopolie.fr\/wp-content\/uploads\/2024\/01\/PDA-01_Oiseaux_INSTA.jpg?fit=1200%2C1200&ssl=1&resize=350%2C200 1x, https:\/\/i0.wp.com\/www.belopolie.fr\/wp-content\/uploads\/2024\/01\/PDA-01_Oiseaux_INSTA.jpg?fit=1200%2C1200&ssl=1&resize=525%2C300 1.5x, https:\/\/i0.wp.com\/www.belopolie.fr\/wp-content\/uploads\/2024\/01\/PDA-01_Oiseaux_INSTA.jpg?fit=1200%2C1200&ssl=1&resize=700%2C400 2x, https:\/\/i0.wp.com\/www.belopolie.fr\/wp-content\/uploads\/2024\/01\/PDA-01_Oiseaux_INSTA.jpg?fit=1200%2C1200&ssl=1&resize=1050%2C600 3x"},"classes":[]},{"id":256,"url":"https:\/\/www.belopolie.fr\/index.php\/product\/penser-decider-agir-aux-artistes-la-grande-colere\/","url_meta":{"origin":257,"position":5},"title":"Penser, d\u00e9cider, agir : Aux artistes la grande col\u00e8re","author":"admin2828","date":"12 janvier 2024","format":false,"excerpt":"Il est des textes fondateurs qui orientent toute une vie. Refus global, r\u00e9dig\u00e9 par Paul-\u00c9mile Borduas \u00e0 Montr\u00e9al en 1948, entretient chez France Th\u00e9oret une flamme plus vive que jamais. En relisant ce manifeste, qui \u00ab comprend une mati\u00e8re explosive, un grand texte de libert\u00e9 \u00bb, elle convoque la responsabilit\u00e9\u2026","rel":"","context":"Article similaire","block_context":{"text":"Article similaire","link":""},"img":{"alt_text":"","src":"https:\/\/i0.wp.com\/www.belopolie.fr\/wp-content\/uploads\/2024\/01\/PDA-INSTA6.jpg?fit=1200%2C1200&ssl=1&resize=350%2C200","width":350,"height":200,"srcset":"https:\/\/i0.wp.com\/www.belopolie.fr\/wp-content\/uploads\/2024\/01\/PDA-INSTA6.jpg?fit=1200%2C1200&ssl=1&resize=350%2C200 1x, https:\/\/i0.wp.com\/www.belopolie.fr\/wp-content\/uploads\/2024\/01\/PDA-INSTA6.jpg?fit=1200%2C1200&ssl=1&resize=525%2C300 1.5x, https:\/\/i0.wp.com\/www.belopolie.fr\/wp-content\/uploads\/2024\/01\/PDA-INSTA6.jpg?fit=1200%2C1200&ssl=1&resize=700%2C400 2x, https:\/\/i0.wp.com\/www.belopolie.fr\/wp-content\/uploads\/2024\/01\/PDA-INSTA6.jpg?fit=1200%2C1200&ssl=1&resize=1050%2C600 3x"},"classes":[]}],"_links":{"self":[{"href":"https:\/\/www.belopolie.fr\/index.php\/wp-json\/wp\/v2\/product\/257","targetHints":{"allow":["GET"]}}],"collection":[{"href":"https:\/\/www.belopolie.fr\/index.php\/wp-json\/wp\/v2\/product"}],"about":[{"href":"https:\/\/www.belopolie.fr\/index.php\/wp-json\/wp\/v2\/types\/product"}],"wp:featuredmedia":[{"embeddable":true,"href":"https:\/\/www.belopolie.fr\/index.php\/wp-json\/wp\/v2\/media\/241"}],"wp:attachment":[{"href":"https:\/\/www.belopolie.fr\/index.php\/wp-json\/wp\/v2\/media?parent=257"}],"wp:term":[{"taxonomy":"product_cat","embeddable":true,"href":"https:\/\/www.belopolie.fr\/index.php\/wp-json\/wp\/v2\/product_cat?post=257"},{"taxonomy":"product_tag","embeddable":true,"href":"https:\/\/www.belopolie.fr\/index.php\/wp-json\/wp\/v2\/product_tag?post=257"}],"curies":[{"name":"wp","href":"https:\/\/api.w.org\/{rel}","templated":true}]}}